{"id":882,"date":"2020-05-19T14:19:30","date_gmt":"2020-05-19T12:19:30","guid":{"rendered":"https:\/\/www.gmedia-service.at\/haus-alpin\/?page_id=882"},"modified":"2025-07-30T10:43:16","modified_gmt":"2025-07-30T08:43:16","slug":"preise","status":"publish","type":"page","link":"https:\/\/www.haus-alpin.at\/de\/preise\/","title":{"rendered":"Preise"},"content":{"rendered":"\t\t<div data-elementor-type=\"wp-page\" data-elementor-id=\"882\" class=\"elementor elementor-882\" data-elementor-post-type=\"page\">\n\t\t\t\t\t\t<header class=\"elementor-section elementor-top-section elementor-element elementor-element-92729ec elementor-section-stretched elementor-section-full_width elementor-section-height-min-height elementor-section-items-stretch elementor-hidden-phone elementor-hidden-tablet elementor-section-height-default\" data-id=\"92729ec\" data-element_type=\"section\" data-settings=\"{&quot;stretch_section&quot;:&quot;section-stretched&quot;,&quot;background_background&quot;:&quot;slideshow&quot;,&quot;background_slideshow_gallery&quot;:[{&quot;id&quot;:6412,&quot;url&quot;:&quot;https:\\\/\\\/www.haus-alpin.at\\\/wp-content\\\/uploads\\\/2025\\\/07\\\/Haus_Alpin_Preise_Header.jpg&quot;}],&quot;shape_divider_bottom&quot;:&quot;waves&quot;,&quot;background_slideshow_loop&quot;:&quot;yes&quot;,&quot;background_slideshow_slide_duration&quot;:5000,&quot;background_slideshow_slide_transition&quot;:&quot;fade&quot;,&quot;background_slideshow_transition_duration&quot;:500}\">\n\t\t\t\t\t\t\t<div class=\"elementor-background-overlay\"><\/div>\n\t\t\t\t\t\t<div class=\"elementor-shape elementor-shape-bottom\" aria-hidden=\"true\" data-negative=\"false\">\n\t\t\t<svg xmlns=\"http:\/\/www.w3.org\/2000\/svg\" viewBox=\"0 0 1000 100\" preserveAspectRatio=\"none\">\n\t<path class=\"elementor-shape-fill\" d=\"M421.9,6.5c22.6-2.5,51.5,0.4,75.5,5.3c23.6,4.9,70.9,23.5,100.5,35.7c75.8,32.2,133.7,44.5,192.6,49.7\n\tc23.6,2.1,48.7,3.5,103.4-2.5c54.7-6,106.2-25.6,106.2-25.6V0H0v30.3c0,0,72,32.6,158.4,30.5c39.2-0.7,92.8-6.7,134-22.4\n\tc21.2-8.1,52.2-18.2,79.7-24.2C399.3,7.9,411.6,7.5,421.9,6.5z\"\/>\n<\/svg>\t\t<\/div>\n\t\t\t\t\t<div class=\"elementor-container elementor-column-gap-no\">\n\t\t\t\t\t<div class=\"elementor-column elementor-col-100 elementor-top-column elementor-element elementor-element-64d08d3\" data-id=\"64d08d3\" data-element_type=\"column\" data-settings=\"{&quot;background_background&quot;:&quot;classic&quot;}\">\n\t\t\t<div class=\"elementor-widget-wrap\">\n\t\t\t\t\t\t\t<\/div>\n\t\t<\/div>\n\t\t\t\t\t<\/div>\n\t\t<\/header>\n\t\t\t\t<header class=\"elementor-section elementor-top-section elementor-element elementor-element-6e9d9b4 elementor-section-stretched elementor-section-full_width elementor-section-height-min-height elementor-section-items-stretch elementor-hidden-phone elementor-hidden-tablet elementor-section-height-default\" data-id=\"6e9d9b4\" data-element_type=\"section\" data-settings=\"{&quot;stretch_section&quot;:&quot;section-stretched&quot;,&quot;background_background&quot;:&quot;slideshow&quot;,&quot;shape_divider_bottom&quot;:&quot;waves&quot;,&quot;background_slideshow_gallery&quot;:[],&quot;background_slideshow_loop&quot;:&quot;yes&quot;,&quot;background_slideshow_slide_duration&quot;:5000,&quot;background_slideshow_slide_transition&quot;:&quot;fade&quot;,&quot;background_slideshow_transition_duration&quot;:500}\">\n\t\t\t\t\t\t\t<div class=\"elementor-background-overlay\"><\/div>\n\t\t\t\t\t\t<div class=\"elementor-shape elementor-shape-bottom\" aria-hidden=\"true\" data-negative=\"false\">\n\t\t\t<svg xmlns=\"http:\/\/www.w3.org\/2000\/svg\" viewBox=\"0 0 1000 100\" preserveAspectRatio=\"none\">\n\t<path class=\"elementor-shape-fill\" d=\"M421.9,6.5c22.6-2.5,51.5,0.4,75.5,5.3c23.6,4.9,70.9,23.5,100.5,35.7c75.8,32.2,133.7,44.5,192.6,49.7\n\tc23.6,2.1,48.7,3.5,103.4-2.5c54.7-6,106.2-25.6,106.2-25.6V0H0v30.3c0,0,72,32.6,158.4,30.5c39.2-0.7,92.8-6.7,134-22.4\n\tc21.2-8.1,52.2-18.2,79.7-24.2C399.3,7.9,411.6,7.5,421.9,6.5z\"\/>\n<\/svg>\t\t<\/div>\n\t\t\t\t\t<div class=\"elementor-container elementor-column-gap-no\">\n\t\t\t\t\t<div class=\"elementor-column elementor-col-100 elementor-top-column elementor-element elementor-element-d338590\" data-id=\"d338590\" data-element_type=\"column\" data-settings=\"{&quot;background_background&quot;:&quot;classic&quot;}\">\n\t\t\t<div class=\"elementor-widget-wrap elementor-element-populated\">\n\t\t\t\t\t\t<section class=\"elementor-section elementor-inner-section elementor-element elementor-element-3b0090f elementor-section-boxed elementor-section-height-default elementor-section-height-default\" data-id=\"3b0090f\" data-element_type=\"section\">\n\t\t\t\t\t\t<div class=\"elementor-container elementor-column-gap-default\">\n\t\t\t\t\t<div class=\"elementor-column elementor-col-100 elementor-inner-column elementor-element elementor-element-e2c8cf2\" data-id=\"e2c8cf2\" data-element_type=\"column\">\n\t\t\t<div class=\"elementor-widget-wrap elementor-element-populated\">\n\t\t\t\t\t\t<div class=\"elementor-element elementor-element-937a655 elementor-widget-divider--view-line_text elementor-widget-divider--element-align-center elementor-widget elementor-widget-divider\" data-id=\"937a655\" data-element_type=\"widget\" data-widget_type=\"divider.default\">\n\t\t\t\t<div class=\"elementor-widget-container\">\n\t\t\t\t\t\t\t<div class=\"elementor-divider\">\n\t\t\t<span class=\"elementor-divider-separator\">\n\t\t\t\t\t\t\t<span class=\"elementor-divider__text elementor-divider__element\">\n\t\t\t\tTyp 1 Appartement Sommer 2025\t\t\t\t<\/span>\n\t\t\t\t\t\t<\/span>\n\t\t<\/div>\n\t\t\t\t\t\t<\/div>\n\t\t\t\t<\/div>\n\t\t\t\t<div class=\"elementor-element elementor-element-80695f8 elementor-widget elementor-widget-text-editor\" data-id=\"80695f8\" data-element_type=\"widget\" data-widget_type=\"text-editor.default\">\n\t\t\t\t<div class=\"elementor-widget-container\">\n\t\t\t\t\t\t\t\t\t\n<table id=\"tablepress-1\" class=\"tablepress tablepress-id-1\">\n<tbody>\n<tr class=\"row-1\">\n\t<td class=\"column-1\"><img decoding=\"async\" src=\"https:\/\/www.haus-alpin.at\/wp-content\/uploads\/2025\/07\/Haus_Alpin_Appartement_7_Schlafzimmer_Tab.jpg\" alt=\"\" width=\"300\" height=\"100\" class=\"aligncenter size-full wp-image-5901\" \/><\/td><td class=\"column-2\"><strong> Appartement\u201cTyp1\u201d<br \/>\n30 m\u00b2 f\u00fcr 2 Pers.,<\/strong><br \/>\n<\/td><td class=\"column-3\">NS<\/td><td class=\"column-4\">ab \u20ac 86,00 <br\/>exkl. Endreinigung<\/td><td class=\"column-5\">HS<\/td><td class=\"column-6\">ab \u20ac 90,00<br\/>exkl. Endreinigung<\/td>\n<\/tr>\n<tr class=\"row-2\">\n\t<td class=\"column-1\"><img decoding=\"async\" src=\"https:\/\/www.haus-alpin.at\/wp-content\/uploads\/2025\/07\/Haus_Alpin_Appartement_4_Schlafzimmer_Tab.jpg\" alt=\"\" width=\"300\" height=\"100\" class=\"aligncenter size-full wp-image-5903\" \/><\/td><td class=\"column-2\"><strong> Appartement\u201cTyp1\u201d<br \/>\n36 m\u00b2 f\u00fcr 2 Pers.,<\/strong><br \/>\n<\/td><td class=\"column-3\">NS<\/td><td class=\"column-4\">ab \u20ac 90,00<br\/>exkl. Endreinigung<\/td><td class=\"column-5\">HS<\/td><td class=\"column-6\">ab \u20ac 96,00<br\/>exkl. Endreinigung<\/td>\n<\/tr>\n<tr class=\"row-3\">\n\t<td class=\"column-1\"><img decoding=\"async\" src=\"http:\/\/www.haus-alpin.at\/wp-content\/uploads\/2023\/07\/Appartment-Alpin_1_2stock_.jpg\" alt=\"\" width=\"300\" height=\"100\" class=\"aligncenter size-full wp-image-5899\" \/><\/td><td class=\"column-2\"><strong> Appartement\u201cTyp1\u201d<br \/>\n40 m\u00b2 f\u00fcr 2 Pers.,<\/strong><br \/>\n<\/td><td class=\"column-3\">NS<\/td><td class=\"column-4\">ab \u20ac 96,00<br\/>exkl. Endreinigung<\/td><td class=\"column-5\">HS<\/td><td class=\"column-6\">ab \u20ac 104,00<br\/>exkl. Endreinigung<\/td>\n<\/tr>\n<tr class=\"row-4\">\n\t<td class=\"column-1\"><img loading=\"lazy\" decoding=\"async\" src=\"http:\/\/www.haus-alpin.at\/wp-content\/uploads\/2023\/07\/Appartment-Alpin_1_40m_1stock_.jpg\" alt=\"\" width=\"300\" height=\"100\" class=\"aligncenter size-full wp-image-5905\" \/><\/td><td class=\"column-2\"><strong> Appartement\u201cTyp1\u201d<br \/>\n40 m\u00b2 1. Stock f\u00fcr 2 Pers.,<\/strong><br \/>\n<\/td><td class=\"column-3\">NS<\/td><td class=\"column-4\">ab \u20ac 96,00 <br\/>exkl. Endreinigung<\/td><td class=\"column-5\">HS<\/td><td class=\"column-6\">ab \u20ac 104,00<br\/>exkl. Endreinigung<\/td>\n<\/tr>\n<\/tbody>\n<\/table>\n<!-- #tablepress-1 from cache -->\t\t\t\t\t\t\t\t<\/div>\n\t\t\t\t<\/div>\n\t\t\t\t<div class=\"elementor-element elementor-element-782aa3b elementor-widget-divider--view-line_text elementor-widget-divider--element-align-center elementor-widget elementor-widget-divider\" data-id=\"782aa3b\" data-element_type=\"widget\" data-widget_type=\"divider.default\">\n\t\t\t\t<div class=\"elementor-widget-container\">\n\t\t\t\t\t\t\t<div class=\"elementor-divider\">\n\t\t\t<span class=\"elementor-divider-separator\">\n\t\t\t\t\t\t\t<span class=\"elementor-divider__text elementor-divider__element\">\n\t\t\t\tTyp 2 Appartement Sommer 2025\t\t\t\t<\/span>\n\t\t\t\t\t\t<\/span>\n\t\t<\/div>\n\t\t\t\t\t\t<\/div>\n\t\t\t\t<\/div>\n\t\t\t\t<div class=\"elementor-element elementor-element-b8ab7b9 elementor-widget elementor-widget-text-editor\" data-id=\"b8ab7b9\" data-element_type=\"widget\" data-widget_type=\"text-editor.default\">\n\t\t\t\t<div class=\"elementor-widget-container\">\n\t\t\t\t\t\t\t\t\t\n<table id=\"tablepress-3\" class=\"tablepress tablepress-id-3\">\n<tbody>\n<tr class=\"row-1\">\n\t<td class=\"column-1\"><img loading=\"lazy\" decoding=\"async\" src=\"https:\/\/www.haus-alpin.at\/wp-content\/uploads\/2025\/07\/Haus_Alpin_Appartement_3_Wohnraum_Tab.jpg\" alt=\"\" width=\"300\" height=\"100\" class=\"aligncenter size-full wp-image-5914\" \/><\/td><td class=\"column-2\"><strong> Appartement \u201cTyp 2\u201d<br \/>\n60 m\u00b2 f\u00fcr 2 Pers.,<\/strong><\/td><td class=\"column-3\">NS<\/td><td class=\"column-4\">ab \u20ac 120,00<br\/>exkl. Endreinigung<\/td><td class=\"column-5\">HS<\/td><td class=\"column-6\">ab \u20ac 126,00<br\/>exkl. Endreinigung<\/td>\n<\/tr>\n<tr class=\"row-2\">\n\t<td class=\"column-1\"><img loading=\"lazy\" decoding=\"async\" src=\"http:\/\/www.haus-alpin.at\/wp-content\/uploads\/2023\/07\/Appartment-Alpin_2_1.jpg\" alt=\"\" width=\"300\" height=\"100\" class=\"aligncenter size-full wp-image-5917\" \/><\/td><td class=\"column-2\"><strong> Appartement \u201cTyp 2\u201d<br \/>\n60 m\u00b2 f\u00fcr 3 Pers.,<\/strong><\/td><td class=\"column-3\">NS<\/td><td class=\"column-4\">ab \u20ac 144,00<br\/>exkl. Endreinigung<\/td><td class=\"column-5\">HS<\/td><td class=\"column-6\">ab \u20ac 150,00<br\/>exkl. Endreinigung<\/td>\n<\/tr>\n<\/tbody>\n<\/table>\n<!-- #tablepress-3 from cache -->\t\t\t\t\t\t\t\t<\/div>\n\t\t\t\t<\/div>\n\t\t\t\t<div class=\"elementor-element elementor-element-eff35d2 elementor-widget-divider--view-line_text elementor-widget-divider--element-align-center elementor-widget elementor-widget-divider\" data-id=\"eff35d2\" data-element_type=\"widget\" data-widget_type=\"divider.default\">\n\t\t\t\t<div class=\"elementor-widget-container\">\n\t\t\t\t\t\t\t<div class=\"elementor-divider\">\n\t\t\t<span class=\"elementor-divider-separator\">\n\t\t\t\t\t\t\t<span class=\"elementor-divider__text elementor-divider__element\">\n\t\t\t\tTyp 3 Appartement Sommer 2025\t\t\t\t<\/span>\n\t\t\t\t\t\t<\/span>\n\t\t<\/div>\n\t\t\t\t\t\t<\/div>\n\t\t\t\t<\/div>\n\t\t\t\t<div class=\"elementor-element elementor-element-485f69c elementor-widget elementor-widget-text-editor\" data-id=\"485f69c\" data-element_type=\"widget\" data-widget_type=\"text-editor.default\">\n\t\t\t\t<div class=\"elementor-widget-container\">\n\t\t\t\t\t\t\t\t\t\n<table id=\"tablepress-4\" class=\"tablepress tablepress-id-4\">\n<tbody>\n<tr class=\"row-1\">\n\t<td class=\"column-1\"><img loading=\"lazy\" decoding=\"async\" src=\"https:\/\/www.haus-alpin.at\/wp-content\/uploads\/2025\/07\/Haus_Alpin_Appartement_6_Wohnraum_Tab.jpg\" alt=\"\" width=\"300\" height=\"100\" class=\"aligncenter size-full wp-image-5926\" \/><\/td><td class=\"column-2\"><strong> Appartement \u201c&#8217;Typ3 \u201d<br \/>\n75 m\u00b2 f\u00fcr 2 Pers.,<\/strong><\/td><td class=\"column-3\">NS<\/td><td class=\"column-4\">ab \u20ac 122,00 <br\/>exkl. Endreinigung<\/td><td class=\"column-5\">HS<\/td><td class=\"column-6\">ab \u20ac 128,00  <br\/>exkl. Endreinigung<\/td>\n<\/tr>\n<tr class=\"row-2\">\n\t<td class=\"column-1\"><img loading=\"lazy\" decoding=\"async\" src=\"https:\/\/www.haus-alpin.at\/wp-content\/uploads\/2025\/07\/Appartment-Alpin-8_Tab.jpg\" alt=\"\" width=\"300\" height=\"100\" class=\"aligncenter size-full wp-image-5924\" \/><\/td><td class=\"column-2\"><strong> Appartement \u201c&#8217;Typ3 \u201d<br \/>\n75 m\u00b2 f\u00fcr 3 Pers.,<\/strong><\/td><td class=\"column-3\">NS<\/td><td class=\"column-4\">ab \u20ac 148,00<br\/>exkl. Endreinigung<\/td><td class=\"column-5\">HS<\/td><td class=\"column-6\">ab \u20ac 154,00<br\/>exkl. Endreinigung<\/td>\n<\/tr>\n<tr class=\"row-3\">\n\t<td class=\"column-1\"><img loading=\"lazy\" decoding=\"async\" src=\"http:\/\/www.haus-alpin.at\/wp-content\/uploads\/2023\/07\/Appartment-Alpin_3_3.jpg\" alt=\"\" width=\"300\" height=\"100\" class=\"aligncenter size-full wp-image-5928\" \/><\/td><td class=\"column-2\"><strong> Appartement \u201c&#8217;Typ3 \u201d<br \/>\n75 m\u00b2 f\u00fcr 4 Pers.,<\/strong><\/td><td class=\"column-3\">NS<\/td><td class=\"column-4\">ab \u20ac 180,00<br\/>exkl. Endreinigung<\/td><td class=\"column-5\">HS<\/td><td class=\"column-6\">ab \u20ac188,00<br\/>exkl. Endreinigung<\/td>\n<\/tr>\n<\/tbody>\n<\/table>\n\t\t\t\t\t\t\t\t<\/div>\n\t\t\t\t<\/div>\n\t\t\t\t<div class=\"elementor-element elementor-element-97429df elementor-widget-divider--view-line_text elementor-widget-divider--element-align-center elementor-widget elementor-widget-divider\" data-id=\"97429df\" data-element_type=\"widget\" data-widget_type=\"divider.default\">\n\t\t\t\t<div class=\"elementor-widget-container\">\n\t\t\t\t\t\t\t<div class=\"elementor-divider\">\n\t\t\t<span class=\"elementor-divider-separator\">\n\t\t\t\t\t\t\t<span class=\"elementor-divider__text elementor-divider__element\">\n\t\t\t\tTyp 1 Appartement Winter 2025\/26\t\t\t\t<\/span>\n\t\t\t\t\t\t<\/span>\n\t\t<\/div>\n\t\t\t\t\t\t<\/div>\n\t\t\t\t<\/div>\n\t\t\t\t<div class=\"elementor-element elementor-element-6f74ed0 elementor-widget elementor-widget-text-editor\" data-id=\"6f74ed0\" data-element_type=\"widget\" data-widget_type=\"text-editor.default\">\n\t\t\t\t<div class=\"elementor-widget-container\">\n\t\t\t\t\t\t\t\t\t\n<table id=\"tablepress-11\" class=\"tablepress tablepress-id-11\">\n<tbody>\n<tr class=\"row-1\">\n\t<td class=\"column-1\"><img decoding=\"async\" src=\"https:\/\/www.haus-alpin.at\/wp-content\/uploads\/2025\/07\/Haus_Alpin_Appartement_7_Schlafzimmer_Tab.jpg\" alt=\"\" width=\"300\" height=\"100\" class=\"aligncenter size-full wp-image-5901\" \/><\/td><td class=\"column-2\"><strong> Appartement\u201cTyp1\u201d<br \/>\n30 m\u00b2 f\u00fcr 2 Pers.,<\/strong><\/td><td class=\"column-3\">ab \u20ac 126,00<br\/>exkl. Endreinigung<\/td>\n<\/tr>\n<tr class=\"row-2\">\n\t<td class=\"column-1\"><img decoding=\"async\" src=\"https:\/\/www.haus-alpin.at\/wp-content\/uploads\/2025\/07\/Haus_Alpin_Appartement_4_Schlafzimmer_Tab.jpg\" alt=\"\" width=\"300\" height=\"100\" class=\"aligncenter size-full wp-image-5903\" \/><\/td><td class=\"column-2\"><strong> Appartement\u201cTyp1\u201d<br \/>\n36 m\u00b2 f\u00fcr 2 Pers.,<\/strong><\/td><td class=\"column-3\">ab \u20ac 138,00<br\/>exkl. Endreinigung<\/td>\n<\/tr>\n<tr class=\"row-3\">\n\t<td class=\"column-1\"><img decoding=\"async\" src=\"http:\/\/www.haus-alpin.at\/wp-content\/uploads\/2023\/07\/Appartment-Alpin_1_2stock_.jpg\" alt=\"\" width=\"300\" height=\"100\" class=\"aligncenter size-full wp-image-5899\" \/><\/td><td class=\"column-2\"><strong> Appartement\u201cTyp1\u201d<br \/>\n40 m\u00b2 f\u00fcr 2 Pers.,<\/strong><\/td><td class=\"column-3\">ab \u20ac 146,00<br\/>exkl. Endreinigung<\/td>\n<\/tr>\n<tr class=\"row-4\">\n\t<td class=\"column-1\"><img loading=\"lazy\" decoding=\"async\" src=\"https:\/\/www.haus-alpin.at\/wp-content\/uploads\/2025\/07\/Haus_Alpin_Appartement_8_Tab.jpg\" alt=\"\" width=\"300\" height=\"100\" class=\"aligncenter size-full wp-image-5905\" \/><\/td><td class=\"column-2\"><strong> Appartement\u201cTyp1\u201d<br \/>\n40 m\u00b2 1. Stock f\u00fcr 2 Pers.,<\/strong><\/td><td class=\"column-3\">ab \u20ac 146,00<br\/>exkl. Endreinigung<\/td>\n<\/tr>\n<\/tbody>\n<\/table>\n<!-- #tablepress-11 from cache -->\t\t\t\t\t\t\t\t<\/div>\n\t\t\t\t<\/div>\n\t\t\t\t<div class=\"elementor-element elementor-element-8a54d0c elementor-widget-divider--view-line_text elementor-widget-divider--element-align-center elementor-widget elementor-widget-divider\" data-id=\"8a54d0c\" data-element_type=\"widget\" data-widget_type=\"divider.default\">\n\t\t\t\t<div class=\"elementor-widget-container\">\n\t\t\t\t\t\t\t<div class=\"elementor-divider\">\n\t\t\t<span class=\"elementor-divider-separator\">\n\t\t\t\t\t\t\t<span class=\"elementor-divider__text elementor-divider__element\">\n\t\t\t\tTyp 2 Appartement Winter 2025\/26\t\t\t\t<\/span>\n\t\t\t\t\t\t<\/span>\n\t\t<\/div>\n\t\t\t\t\t\t<\/div>\n\t\t\t\t<\/div>\n\t\t\t\t<div class=\"elementor-element elementor-element-024beef elementor-widget elementor-widget-text-editor\" data-id=\"024beef\" data-element_type=\"widget\" data-widget_type=\"text-editor.default\">\n\t\t\t\t<div class=\"elementor-widget-container\">\n\t\t\t\t\t\t\t\t\t\n<table id=\"tablepress-12\" class=\"tablepress tablepress-id-12\">\n<tbody>\n<tr class=\"row-1\">\n\t<td class=\"column-1\"><img loading=\"lazy\" decoding=\"async\" src=\"http:\/\/www.haus-alpin.at\/wp-content\/uploads\/2023\/07\/Appartment-Alpin_2_1.jpg\" alt=\"\" width=\"300\" height=\"100\" class=\"aligncenter size-full wp-image-5917\" \/><\/td><td class=\"column-2\"><strong> Appartement \u201cTyp 2\u201d<br \/>\n60 m\u00b2 f\u00fcr 2 Pers.,<\/strong><\/td><td class=\"column-3\">ab \u20ac 160,00<br\/>exkl. Endreinigung<\/td>\n<\/tr>\n<tr class=\"row-2\">\n\t<td class=\"column-1\"><img loading=\"lazy\" decoding=\"async\" src=\"https:\/\/www.haus-alpin.at\/wp-content\/uploads\/2025\/07\/Haus_Alpin_Appartement_3_Wohnraum_Tab.jpg\" alt=\"\" width=\"300\" height=\"100\" class=\"aligncenter size-full wp-image-5914\" \/><\/td><td class=\"column-2\"><strong> Appartement \u201cTyp 2\u201d<br \/>\n60 m\u00b2 f\u00fcr 3 Pers.,<\/strong><\/td><td class=\"column-3\">ab \u20ac 210,00<br\/>exkl. Endreinigung<\/td>\n<\/tr>\n<\/tbody>\n<\/table>\n<!-- #tablepress-12 from cache -->\t\t\t\t\t\t\t\t<\/div>\n\t\t\t\t<\/div>\n\t\t\t\t<div class=\"elementor-element elementor-element-d386e83 elementor-widget-divider--view-line_text elementor-widget-divider--element-align-center elementor-widget elementor-widget-divider\" data-id=\"d386e83\" data-element_type=\"widget\" data-widget_type=\"divider.default\">\n\t\t\t\t<div class=\"elementor-widget-container\">\n\t\t\t\t\t\t\t<div class=\"elementor-divider\">\n\t\t\t<span class=\"elementor-divider-separator\">\n\t\t\t\t\t\t\t<span class=\"elementor-divider__text elementor-divider__element\">\n\t\t\t\tTyp 3 Appartement Winter 2025\/26\t\t\t\t<\/span>\n\t\t\t\t\t\t<\/span>\n\t\t<\/div>\n\t\t\t\t\t\t<\/div>\n\t\t\t\t<\/div>\n\t\t\t\t<div class=\"elementor-element elementor-element-e015e1b elementor-widget elementor-widget-text-editor\" data-id=\"e015e1b\" data-element_type=\"widget\" data-widget_type=\"text-editor.default\">\n\t\t\t\t<div class=\"elementor-widget-container\">\n\t\t\t\t\t\t\t\t\t\n<table id=\"tablepress-16\" class=\"tablepress tablepress-id-16\">\n<tbody>\n<tr class=\"row-1\">\n\t<td class=\"column-1\"><img loading=\"lazy\" decoding=\"async\" src=\"https:\/\/www.haus-alpin.at\/wp-content\/uploads\/2025\/07\/Haus_Alpin_Appartement_6_Wohnraum_Tab.jpg\" alt=\"\" width=\"300\" height=\"100\" class=\"aligncenter size-full wp-image-5926\" \/><\/td><td class=\"column-2\"><strong> Appartement \u201c&#8217;Typ3 \u201d<br \/>\n75 m\u00b2 f\u00fcr 2-3 Pers.,<\/strong><\/td><td class=\"column-3\">ab \u20ac 225,00<br\/>exkl. Endreinigung<\/td>\n<\/tr>\n<tr class=\"row-2\">\n\t<td class=\"column-1\"><img loading=\"lazy\" decoding=\"async\" src=\"https:\/\/www.haus-alpin.at\/wp-content\/uploads\/2025\/07\/Appartment-Alpin-8_Tab.jpg\" alt=\"\" width=\"300\" height=\"100\" class=\"aligncenter size-full wp-image-5924\" \/><\/td><td class=\"column-2\"><strong> Appartement \u201c&#8217;Typ3 \u201d<br \/>\n75 m\u00b2 f\u00fcr 3 Pers.,<\/strong><\/td><td class=\"column-3\">ab \u20ac 225,00<br\/>exkl. Endreinigung<\/td>\n<\/tr>\n<tr class=\"row-3\">\n\t<td class=\"column-1\"><img loading=\"lazy\" decoding=\"async\" src=\"http:\/\/www.haus-alpin.at\/wp-content\/uploads\/2023\/07\/Appartment-Alpin_3_3.jpg\" alt=\"\" width=\"300\" height=\"100\" class=\"aligncenter size-full wp-image-5928\" \/><\/td><td class=\"column-2\"><strong> Appartement \u201c&#8217;Typ3 \u201d<br \/>\n75 m\u00b2 f\u00fcr 4 Pers.,<\/strong><\/td><td class=\"column-3\">ab \u20ac 262,00<br\/>exkl. Endreinigung<\/td>\n<\/tr>\n<\/tbody>\n<\/table>\n<!-- #tablepress-16 from cache -->\t\t\t\t\t\t\t\t<\/div>\n\t\t\t\t<\/div>\n\t\t\t\t\t<\/div>\n\t\t<\/div>\n\t\t\t\t\t<\/div>\n\t\t<\/section>\n\t\t\t\t\t<\/div>\n\t\t<\/div>\n\t\t\t\t\t<\/div>\n\t\t<\/header>\n\t\t\t\t<header class=\"elementor-section elementor-top-section elementor-element elementor-element-2215e78 elementor-section-stretched elementor-section-full_width elementor-section-height-min-height elementor-section-items-stretch elementor-hidden-phone elementor-hidden-desktop elementor-section-height-default\" data-id=\"2215e78\" data-element_type=\"section\" data-settings=\"{&quot;stretch_section&quot;:&quot;section-stretched&quot;,&quot;background_background&quot;:&quot;classic&quot;,&quot;shape_divider_bottom&quot;:&quot;waves&quot;}\">\n\t\t\t\t\t\t\t<div class=\"elementor-background-overlay\"><\/div>\n\t\t\t\t\t\t<div class=\"elementor-shape elementor-shape-bottom\" aria-hidden=\"true\" data-negative=\"false\">\n\t\t\t<svg xmlns=\"http:\/\/www.w3.org\/2000\/svg\" viewBox=\"0 0 1000 100\" preserveAspectRatio=\"none\">\n\t<path class=\"elementor-shape-fill\" d=\"M421.9,6.5c22.6-2.5,51.5,0.4,75.5,5.3c23.6,4.9,70.9,23.5,100.5,35.7c75.8,32.2,133.7,44.5,192.6,49.7\n\tc23.6,2.1,48.7,3.5,103.4-2.5c54.7-6,106.2-25.6,106.2-25.6V0H0v30.3c0,0,72,32.6,158.4,30.5c39.2-0.7,92.8-6.7,134-22.4\n\tc21.2-8.1,52.2-18.2,79.7-24.2C399.3,7.9,411.6,7.5,421.9,6.5z\"\/>\n<\/svg>\t\t<\/div>\n\t\t\t\t\t<div class=\"elementor-container elementor-column-gap-no\">\n\t\t\t\t\t<div class=\"elementor-column elementor-col-100 elementor-top-column elementor-element elementor-element-627e247\" data-id=\"627e247\" data-element_type=\"column\" data-settings=\"{&quot;background_background&quot;:&quot;classic&quot;}\">\n\t\t\t<div class=\"elementor-widget-wrap\">\n\t\t\t\t\t\t\t<\/div>\n\t\t<\/div>\n\t\t\t\t\t<\/div>\n\t\t<\/header>\n\t\t\t\t<section class=\"elementor-section elementor-top-section elementor-element elementor-element-ff6a7bb elementor-section-stretched elementor-section-full_width elementor-section-height-min-height elementor-section-items-stretch elementor-hidden-desktop elementor-hidden-tablet elementor-section-height-default\" data-id=\"ff6a7bb\" data-element_type=\"section\" data-settings=\"{&quot;stretch_section&quot;:&quot;section-stretched&quot;,&quot;background_background&quot;:&quot;classic&quot;}\">\n\t\t\t\t\t\t\t<div class=\"elementor-background-overlay\"><\/div>\n\t\t\t\t\t\t\t<div class=\"elementor-container elementor-column-gap-no\">\n\t\t\t\t\t<div class=\"elementor-column elementor-col-100 elementor-top-column elementor-element elementor-element-b190036\" data-id=\"b190036\" data-element_type=\"column\" data-settings=\"{&quot;background_background&quot;:&quot;classic&quot;}\">\n\t\t\t<div class=\"elementor-widget-wrap\">\n\t\t\t\t\t\t\t<\/div>\n\t\t<\/div>\n\t\t\t\t\t<\/div>\n\t\t<\/section>\n\t\t\t\t<main class=\"elementor-section elementor-top-section elementor-element elementor-element-5611a89 elementor-hidden-desktop elementor-hidden-tablet elementor-section-boxed elementor-section-height-default elementor-section-height-default\" data-id=\"5611a89\" data-element_type=\"section\">\n\t\t\t\t\t\t<div class=\"elementor-container elementor-column-gap-default\">\n\t\t\t\t\t<div class=\"elementor-column elementor-col-100 elementor-top-column elementor-element elementor-element-599f6fa\" data-id=\"599f6fa\" data-element_type=\"column\">\n\t\t\t<div class=\"elementor-widget-wrap elementor-element-populated\">\n\t\t\t\t\t\t<div class=\"elementor-element elementor-element-e244a79 elementor-widget-divider--view-line_text elementor-widget-divider--element-align-center elementor-widget elementor-widget-divider\" data-id=\"e244a79\" data-element_type=\"widget\" data-widget_type=\"divider.default\">\n\t\t\t\t<div class=\"elementor-widget-container\">\n\t\t\t\t\t\t\t<div class=\"elementor-divider\">\n\t\t\t<span class=\"elementor-divider-separator\">\n\t\t\t\t\t\t\t<span class=\"elementor-divider__text elementor-divider__element\">\n\t\t\t\tTyp 1 Appartement Sommer\t\t\t\t<\/span>\n\t\t\t\t\t\t<\/span>\n\t\t<\/div>\n\t\t\t\t\t\t<\/div>\n\t\t\t\t<\/div>\n\t\t\t\t<div class=\"elementor-element elementor-element-38945a4 elementor-widget elementor-widget-text-editor\" data-id=\"38945a4\" data-element_type=\"widget\" data-widget_type=\"text-editor.default\">\n\t\t\t\t<div class=\"elementor-widget-container\">\n\t\t\t\t\t\t\t\t\t\n<table id=\"tablepress-7\" class=\"tablepress tablepress-id-7\">\n<tbody>\n<tr class=\"row-1\">\n\t<td class=\"column-1\"><img decoding=\"async\" src=\"https:\/\/www.haus-alpin.at\/wp-content\/uploads\/2025\/07\/Haus_Alpin_Appartement_7_Schlafzimmer_Tab.jpg\" alt=\"\" width=\"300\" height=\"100\" class=\"aligncenter size-full wp-image-5901\" \/><\/td>\n<\/tr>\n<tr class=\"row-2\">\n\t<td class=\"column-1\"><strong> Appartement\u201cTyp1\u201d<br \/>\n30 m\u00b2 f\u00fcr 2 Pers.,<\/strong><\/td>\n<\/tr>\n<tr class=\"row-3\">\n\t<td class=\"column-1\">NS ab \u20ac 86,00<br\/>exkl. Endreinigung<\/td>\n<\/tr>\n<tr class=\"row-4\">\n\t<td class=\"column-1\">HS ab \u20ac 90,00 <br\/>exkl. Endreinigung<\/td>\n<\/tr>\n<tr class=\"row-5\">\n\t<td class=\"column-1\"><img decoding=\"async\" src=\"https:\/\/www.haus-alpin.at\/wp-content\/uploads\/2025\/07\/Haus_Alpin_Appartement_4_Schlafzimmer_Tab.jpg\" alt=\"\" width=\"300\" height=\"100\" class=\"aligncenter size-full wp-image-5903\" \/><\/td>\n<\/tr>\n<tr class=\"row-6\">\n\t<td class=\"column-1\"><strong> Appartement\u201cTyp1\u201d<br \/>\n36 m\u00b2 f\u00fcr 2 Pers.,<\/strong><\/td>\n<\/tr>\n<tr class=\"row-7\">\n\t<td class=\"column-1\">NS ab \u20ac 90,00<br\/>exkl. Endreinigung<\/td>\n<\/tr>\n<tr class=\"row-8\">\n\t<td class=\"column-1\">HS ab \u20ac 96,00<br\/>exkl. Endreinigung<\/td>\n<\/tr>\n<tr class=\"row-9\">\n\t<td class=\"column-1\"><img loading=\"lazy\" decoding=\"async\" src=\"https:\/\/www.haus-alpin.at\/wp-content\/uploads\/2023\/07\/Appartment-Alpin_1_2stock_.jpg\" alt=\"\" width=\"300\" height=\"100\" class=\"aligncenter size-full wp-image-5899\" \/><\/td>\n<\/tr>\n<tr class=\"row-10\">\n\t<td class=\"column-1\"><strong> Appartement\u201cTyp1\u201d<br \/>\n40 m\u00b2 f\u00fcr 2 Pers.,<\/strong><\/td>\n<\/tr>\n<tr class=\"row-11\">\n\t<td class=\"column-1\">NS ab \u20ac 96,00<br\/>exkl. Endreinigung<\/td>\n<\/tr>\n<tr class=\"row-12\">\n\t<td class=\"column-1\">HS ab \u20ac 104,00<br\/>exkl. Endreinigung<\/td>\n<\/tr>\n<tr class=\"row-13\">\n\t<td class=\"column-1\"><img loading=\"lazy\" decoding=\"async\" src=\"https:\/\/www.haus-alpin.at\/wp-content\/uploads\/2025\/07\/Haus_Alpin_Appartement_8_Tab.jpg\" alt=\"\" width=\"300\" height=\"100\" class=\"aligncenter size-full wp-image-5905\" \/><\/td>\n<\/tr>\n<tr class=\"row-14\">\n\t<td class=\"column-1\"><strong> Appartement\u201cTyp1\u201d<br \/>\n40 m\u00b2 1. Stock f\u00fcr 2 Pers.,<\/strong><\/td>\n<\/tr>\n<tr class=\"row-15\">\n\t<td class=\"column-1\">NS ab \u20ac 96,00 <br\/>exkl. Endreinigung<\/td>\n<\/tr>\n<tr class=\"row-16\">\n\t<td class=\"column-1\">HS ab \u20ac 104,00<br\/>exkl. Endreinigung<\/td>\n<\/tr>\n<\/tbody>\n<\/table>\n<!-- #tablepress-7 from cache -->\t\t\t\t\t\t\t\t<\/div>\n\t\t\t\t<\/div>\n\t\t\t\t<div class=\"elementor-element elementor-element-b93f699 elementor-widget-divider--view-line_text elementor-widget-divider--element-align-center elementor-widget elementor-widget-divider\" data-id=\"b93f699\" data-element_type=\"widget\" data-widget_type=\"divider.default\">\n\t\t\t\t<div class=\"elementor-widget-container\">\n\t\t\t\t\t\t\t<div class=\"elementor-divider\">\n\t\t\t<span class=\"elementor-divider-separator\">\n\t\t\t\t\t\t\t<span class=\"elementor-divider__text elementor-divider__element\">\n\t\t\t\tTyp 1 Appartement Winter\t\t\t\t<\/span>\n\t\t\t\t\t\t<\/span>\n\t\t<\/div>\n\t\t\t\t\t\t<\/div>\n\t\t\t\t<\/div>\n\t\t\t\t<div class=\"elementor-element elementor-element-d2467d4 elementor-widget elementor-widget-text-editor\" data-id=\"d2467d4\" data-element_type=\"widget\" data-widget_type=\"text-editor.default\">\n\t\t\t\t<div class=\"elementor-widget-container\">\n\t\t\t\t\t\t\t\t\t\n<table id=\"tablepress-17\" class=\"tablepress tablepress-id-17\">\n<tbody>\n<tr class=\"row-1\">\n\t<td class=\"column-1\"><img decoding=\"async\" src=\"https:\/\/www.haus-alpin.at\/wp-content\/uploads\/2025\/07\/Haus_Alpin_Appartement_7_Schlafzimmer_Tab.jpg\" alt=\"\" width=\"300\" height=\"100\" class=\"aligncenter size-full wp-image-5901\" \/><\/td>\n<\/tr>\n<tr class=\"row-2\">\n\t<td class=\"column-1\"><strong> Appartement\u201cTyp1\u201d<br \/>\n30 m\u00b2 f\u00fcr 2 Pers.,<\/strong><\/td>\n<\/tr>\n<tr class=\"row-3\">\n\t<td class=\"column-1\">ab \u20ac 126 ,00<\/td>\n<\/tr>\n<tr class=\"row-4\">\n\t<td class=\"column-1\"><img decoding=\"async\" src=\"https:\/\/www.haus-alpin.at\/wp-content\/uploads\/2025\/07\/Haus_Alpin_Appartement_4_Schlafzimmer_Tab.jpg\" alt=\"\" width=\"300\" height=\"100\" class=\"aligncenter size-full wp-image-5903\" \/><\/td>\n<\/tr>\n<tr class=\"row-5\">\n\t<td class=\"column-1\"><strong> Appartement\u201cTyp1\u201d<br \/>\n36 m\u00b2 f\u00fcr 2 Pers.,<\/strong><\/td>\n<\/tr>\n<tr class=\"row-6\">\n\t<td class=\"column-1\">ab \u20ac 138,00<\/td>\n<\/tr>\n<tr class=\"row-7\">\n\t<td class=\"column-1\"><img loading=\"lazy\" decoding=\"async\" src=\"https:\/\/www.haus-alpin.at\/wp-content\/uploads\/2023\/07\/Appartment-Alpin_1_2stock_.jpg\" alt=\"\" width=\"300\" height=\"100\" class=\"aligncenter size-full wp-image-5899\" \/><\/td>\n<\/tr>\n<tr class=\"row-8\">\n\t<td class=\"column-1\"><strong> Appartement\u201cTyp1\u201d<br \/>\n40 m\u00b2 f\u00fcr 2 Pers.,<\/strong><\/td>\n<\/tr>\n<tr class=\"row-9\">\n\t<td class=\"column-1\">ab \u20ac 146,00<\/td>\n<\/tr>\n<tr class=\"row-10\">\n\t<td class=\"column-1\"><img loading=\"lazy\" decoding=\"async\" src=\"https:\/\/www.haus-alpin.at\/wp-content\/uploads\/2025\/07\/Haus_Alpin_Appartement_8_Tab.jpg\" alt=\"\" width=\"300\" height=\"100\" class=\"aligncenter size-full wp-image-5905\" \/><\/td>\n<\/tr>\n<tr class=\"row-11\">\n\t<td class=\"column-1\"><strong> Appartement\u201cTyp1\u201d<br \/>\n40 m\u00b2 1. Stock f\u00fcr 2 Pers.,<\/strong><\/td>\n<\/tr>\n<tr class=\"row-12\">\n\t<td class=\"column-1\">ab \u20ac 146,00 <\/td>\n<\/tr>\n<\/tbody>\n<\/table>\n<!-- #tablepress-17 from cache -->\t\t\t\t\t\t\t\t<\/div>\n\t\t\t\t<\/div>\n\t\t\t\t\t<\/div>\n\t\t<\/div>\n\t\t\t\t\t<\/div>\n\t\t<\/main>\n\t\t\t\t<section class=\"elementor-section elementor-top-section elementor-element elementor-element-6c2dbdd elementor-hidden-desktop elementor-hidden-tablet elementor-section-boxed elementor-section-height-default elementor-section-height-default\" data-id=\"6c2dbdd\" data-element_type=\"section\">\n\t\t\t\t\t\t<div class=\"elementor-container elementor-column-gap-default\">\n\t\t\t\t\t<div class=\"elementor-column elementor-col-100 elementor-top-column elementor-element elementor-element-54f61e7\" data-id=\"54f61e7\" data-element_type=\"column\">\n\t\t\t<div class=\"elementor-widget-wrap elementor-element-populated\">\n\t\t\t\t\t\t<div class=\"elementor-element elementor-element-03c2287 elementor-widget-divider--view-line_text elementor-widget-divider--element-align-center elementor-widget elementor-widget-divider\" data-id=\"03c2287\" data-element_type=\"widget\" data-widget_type=\"divider.default\">\n\t\t\t\t<div class=\"elementor-widget-container\">\n\t\t\t\t\t\t\t<div class=\"elementor-divider\">\n\t\t\t<span class=\"elementor-divider-separator\">\n\t\t\t\t\t\t\t<span class=\"elementor-divider__text elementor-divider__element\">\n\t\t\t\tTyp 2 Appartement Sommer\t\t\t\t<\/span>\n\t\t\t\t\t\t<\/span>\n\t\t<\/div>\n\t\t\t\t\t\t<\/div>\n\t\t\t\t<\/div>\n\t\t\t\t<div class=\"elementor-element elementor-element-f9a75b6 elementor-widget elementor-widget-text-editor\" data-id=\"f9a75b6\" data-element_type=\"widget\" data-widget_type=\"text-editor.default\">\n\t\t\t\t<div class=\"elementor-widget-container\">\n\t\t\t\t\t\t\t\t\t\n<table id=\"tablepress-5\" class=\"tablepress tablepress-id-5\">\n<tbody>\n<tr class=\"row-1\">\n\t<td class=\"column-1\"><img loading=\"lazy\" decoding=\"async\" src=\"http:\/\/www.haus-alpin.at\/wp-content\/uploads\/2023\/07\/Appartment-Alpin_2_1.jpg\" alt=\"\" width=\"300\" height=\"100\" class=\"aligncenter size-full wp-image-5917\" \/><\/td>\n<\/tr>\n<tr class=\"row-2\">\n\t<td class=\"column-1\"><strong> Appartement \u201cTyp 2\u201d<br \/>\n60 m\u00b2 f\u00fcr 2 Pers.,<\/strong><\/td>\n<\/tr>\n<tr class=\"row-3\">\n\t<td class=\"column-1\">NS ab \u20ac 120,00<br\/>exkl. Endreinigung<\/td>\n<\/tr>\n<tr class=\"row-4\">\n\t<td class=\"column-1\">HS ab \u20ac 126,00<br\/>exkl. Endreinigung<\/td>\n<\/tr>\n<tr class=\"row-5\">\n\t<td class=\"column-1\"><strong> Appartement \u201cTyp 2\u201d<br \/>\n60 m\u00b2 f\u00fcr 3 Pers.,<\/strong><\/td>\n<\/tr>\n<tr class=\"row-6\">\n\t<td class=\"column-1\">NS ab \u20ac 144,00<br\/>exkl. Endreinigung<\/td>\n<\/tr>\n<tr class=\"row-7\">\n\t<td class=\"column-1\">HS ab \u20ac 150,00<br\/>exkl. Endreinigung<\/td>\n<\/tr>\n<\/tbody>\n<\/table>\n<!-- #tablepress-5 from cache -->\t\t\t\t\t\t\t\t<\/div>\n\t\t\t\t<\/div>\n\t\t\t\t<div class=\"elementor-element elementor-element-c7b4da4 elementor-widget-divider--view-line_text elementor-widget-divider--element-align-center elementor-widget elementor-widget-divider\" data-id=\"c7b4da4\" data-element_type=\"widget\" data-widget_type=\"divider.default\">\n\t\t\t\t<div class=\"elementor-widget-container\">\n\t\t\t\t\t\t\t<div class=\"elementor-divider\">\n\t\t\t<span class=\"elementor-divider-separator\">\n\t\t\t\t\t\t\t<span class=\"elementor-divider__text elementor-divider__element\">\n\t\t\t\tTyp 2 Appartement Winter\t\t\t\t<\/span>\n\t\t\t\t\t\t<\/span>\n\t\t<\/div>\n\t\t\t\t\t\t<\/div>\n\t\t\t\t<\/div>\n\t\t\t\t<div class=\"elementor-element elementor-element-9e610ac elementor-widget elementor-widget-text-editor\" data-id=\"9e610ac\" data-element_type=\"widget\" data-widget_type=\"text-editor.default\">\n\t\t\t\t<div class=\"elementor-widget-container\">\n\t\t\t\t\t\t\t\t\t\n<table id=\"tablepress-18\" class=\"tablepress tablepress-id-18\">\n<tbody>\n<tr class=\"row-1\">\n\t<td class=\"column-1\"><img loading=\"lazy\" decoding=\"async\" src=\"http:\/\/www.haus-alpin.at\/wp-content\/uploads\/2023\/07\/Appartment-Alpin_2_1.jpg\" alt=\"\" width=\"300\" height=\"100\" class=\"aligncenter size-full wp-image-5917\" \/><\/td>\n<\/tr>\n<tr class=\"row-2\">\n\t<td class=\"column-1\"><strong> Appartement \u201cTyp 2\u201d<br \/>\n60 m\u00b2 f\u00fcr 2 Pers.,<\/strong><\/td>\n<\/tr>\n<tr class=\"row-3\">\n\t<td class=\"column-1\">ab \u20ac 160,00<\/td>\n<\/tr>\n<tr class=\"row-4\">\n\t<td class=\"column-1\"><strong> Appartement \u201cTyp 2\u201d<br \/>\n60 m\u00b2 f\u00fcr 3 Pers.,<\/strong><\/td>\n<\/tr>\n<tr class=\"row-5\">\n\t<td class=\"column-1\">ab \u20ac 210,00<\/td>\n<\/tr>\n<\/tbody>\n<\/table>\n<!-- #tablepress-18 from cache -->\t\t\t\t\t\t\t\t<\/div>\n\t\t\t\t<\/div>\n\t\t\t\t\t<\/div>\n\t\t<\/div>\n\t\t\t\t\t<\/div>\n\t\t<\/section>\n\t\t\t\t<section class=\"elementor-section elementor-top-section elementor-element elementor-element-e56d749 elementor-hidden-desktop elementor-hidden-tablet elementor-section-boxed elementor-section-height-default elementor-section-height-default\" data-id=\"e56d749\" data-element_type=\"section\">\n\t\t\t\t\t\t<div class=\"elementor-container elementor-column-gap-default\">\n\t\t\t\t\t<div class=\"elementor-column elementor-col-100 elementor-top-column elementor-element elementor-element-168a94b\" data-id=\"168a94b\" data-element_type=\"column\">\n\t\t\t<div class=\"elementor-widget-wrap elementor-element-populated\">\n\t\t\t\t\t\t<div class=\"elementor-element elementor-element-c7c5e89 elementor-widget-divider--view-line_text elementor-widget-divider--element-align-center elementor-widget elementor-widget-divider\" data-id=\"c7c5e89\" data-element_type=\"widget\" data-widget_type=\"divider.default\">\n\t\t\t\t<div class=\"elementor-widget-container\">\n\t\t\t\t\t\t\t<div class=\"elementor-divider\">\n\t\t\t<span class=\"elementor-divider-separator\">\n\t\t\t\t\t\t\t<span class=\"elementor-divider__text elementor-divider__element\">\n\t\t\t\tTyp 3 Appartement Sommer\t\t\t\t<\/span>\n\t\t\t\t\t\t<\/span>\n\t\t<\/div>\n\t\t\t\t\t\t<\/div>\n\t\t\t\t<\/div>\n\t\t\t\t<div class=\"elementor-element elementor-element-76ce0df elementor-widget elementor-widget-text-editor\" data-id=\"76ce0df\" data-element_type=\"widget\" data-widget_type=\"text-editor.default\">\n\t\t\t\t<div class=\"elementor-widget-container\">\n\t\t\t\t\t\t\t\t\t\n<table id=\"tablepress-6\" class=\"tablepress tablepress-id-6\">\n<tbody>\n<tr class=\"row-1\">\n\t<td class=\"column-1\"><img loading=\"lazy\" decoding=\"async\" src=\"https:\/\/www.haus-alpin.at\/wp-content\/uploads\/2025\/07\/Haus_Alpin_Appartement_6_Wohnraum_Tab.jpg\" alt=\"\" width=\"300\" height=\"100\" class=\"aligncenter size-full wp-image-5926\" \/><\/td>\n<\/tr>\n<tr class=\"row-2\">\n\t<td class=\"column-1\"><strong> Appartement \u201c&#8217;Typ3 \u201d<br \/>\n75 m\u00b2 f\u00fcr 2 Pers.,<\/strong><\/td>\n<\/tr>\n<tr class=\"row-3\">\n\t<td class=\"column-1\">NS ab \u20ac 122,00<br\/>exkl. Endreinigung<\/td>\n<\/tr>\n<tr class=\"row-4\">\n\t<td class=\"column-1\">HS  ab \u20ac 128,00<br\/>exkl. Endreinigung<\/td>\n<\/tr>\n<tr class=\"row-5\">\n\t<td class=\"column-1\"><strong> Appartement \u201c&#8217;Typ3 \u201d<br \/>\n75 m\u00b2 f\u00fcr 3 Pers.,<\/strong><br \/>\n<\/td>\n<\/tr>\n<tr class=\"row-6\">\n\t<td class=\"column-1\">NS ab \u20ac 148,00<br\/>exkl. Endreinigung<\/td>\n<\/tr>\n<tr class=\"row-7\">\n\t<td class=\"column-1\">HS ab \u20ac 154,00<br\/>exkl. Endreinigung<\/td>\n<\/tr>\n<tr class=\"row-8\">\n\t<td class=\"column-1\"><strong> Appartement \u201c&#8217;Typ3 \u201d<br \/>\n75 m\u00b2 f\u00fcr 4 Pers.,<\/strong><\/td>\n<\/tr>\n<tr class=\"row-9\">\n\t<td class=\"column-1\">NS ab \u20ac 180,00<br\/>exkl. Endreinigung<\/td>\n<\/tr>\n<tr class=\"row-10\">\n\t<td class=\"column-1\">HS ab \u20ac 188,00<br\/>exkl. Endreinigung<\/td>\n<\/tr>\n<\/tbody>\n<\/table>\n<!-- #tablepress-6 from cache -->\t\t\t\t\t\t\t\t<\/div>\n\t\t\t\t<\/div>\n\t\t\t\t<div class=\"elementor-element elementor-element-1956b8a elementor-widget-divider--view-line_text elementor-widget-divider--element-align-center elementor-widget elementor-widget-divider\" data-id=\"1956b8a\" data-element_type=\"widget\" data-widget_type=\"divider.default\">\n\t\t\t\t<div class=\"elementor-widget-container\">\n\t\t\t\t\t\t\t<div class=\"elementor-divider\">\n\t\t\t<span class=\"elementor-divider-separator\">\n\t\t\t\t\t\t\t<span class=\"elementor-divider__text elementor-divider__element\">\n\t\t\t\tTyp 3 Appartement Winter\t\t\t\t<\/span>\n\t\t\t\t\t\t<\/span>\n\t\t<\/div>\n\t\t\t\t\t\t<\/div>\n\t\t\t\t<\/div>\n\t\t\t\t<div class=\"elementor-element elementor-element-ddab92d elementor-widget elementor-widget-text-editor\" data-id=\"ddab92d\" data-element_type=\"widget\" data-widget_type=\"text-editor.default\">\n\t\t\t\t<div class=\"elementor-widget-container\">\n\t\t\t\t\t\t\t\t\t\n<table id=\"tablepress-19\" class=\"tablepress tablepress-id-19\">\n<tbody>\n<tr class=\"row-1\">\n\t<td class=\"column-1\"><img loading=\"lazy\" decoding=\"async\" src=\"https:\/\/www.haus-alpin.at\/wp-content\/uploads\/2025\/07\/Haus_Alpin_Appartement_6_Wohnraum_Tab.jpg\" alt=\"\" width=\"300\" height=\"100\" class=\"aligncenter size-full wp-image-5924\" \/><\/td>\n<\/tr>\n<tr class=\"row-2\">\n\t<td class=\"column-1\"><strong> Appartement \u201c&#8217;Typ3 \u201d<br \/>\n75 m\u00b2 f\u00fcr 3 Pers.,<\/strong><\/td>\n<\/tr>\n<tr class=\"row-3\">\n\t<td class=\"column-1\">ab \u20ac 225,00<br\/>exkl. Endreinigung<\/td>\n<\/tr>\n<tr class=\"row-4\">\n\t<td class=\"column-1\"><strong> Appartement \u201c&#8217;Typ3 \u201d<br \/>\n75 m\u00b2 f\u00fcr 4 Pers.,<\/strong><\/td>\n<\/tr>\n<tr class=\"row-5\">\n\t<td class=\"column-1\">ab \u20ac 262,00<br\/>exkl. Endreinigung<\/td>\n<\/tr>\n<\/tbody>\n<\/table>\n<!-- #tablepress-19 from cache -->\t\t\t\t\t\t\t\t<\/div>\n\t\t\t\t<\/div>\n\t\t\t\t\t<\/div>\n\t\t<\/div>\n\t\t\t\t\t<\/div>\n\t\t<\/section>\n\t\t\t\t<section class=\"elementor-section elementor-top-section elementor-element elementor-element-2226bf2 elementor-section-content-middle elementor-section-boxed elementor-section-height-default elementor-section-height-default\" data-id=\"2226bf2\" data-element_type=\"section\" data-settings=\"{&quot;background_background&quot;:&quot;classic&quot;,&quot;shape_divider_top&quot;:&quot;waves&quot;}\">\n\t\t\t\t\t<div class=\"elementor-shape elementor-shape-top\" aria-hidden=\"true\" data-negative=\"false\">\n\t\t\t<svg xmlns=\"http:\/\/www.w3.org\/2000\/svg\" viewBox=\"0 0 1000 100\" preserveAspectRatio=\"none\">\n\t<path class=\"elementor-shape-fill\" d=\"M421.9,6.5c22.6-2.5,51.5,0.4,75.5,5.3c23.6,4.9,70.9,23.5,100.5,35.7c75.8,32.2,133.7,44.5,192.6,49.7\n\tc23.6,2.1,48.7,3.5,103.4-2.5c54.7-6,106.2-25.6,106.2-25.6V0H0v30.3c0,0,72,32.6,158.4,30.5c39.2-0.7,92.8-6.7,134-22.4\n\tc21.2-8.1,52.2-18.2,79.7-24.2C399.3,7.9,411.6,7.5,421.9,6.5z\"\/>\n<\/svg>\t\t<\/div>\n\t\t\t\t\t<div class=\"elementor-container elementor-column-gap-default\">\n\t\t\t\t\t<div class=\"elementor-column elementor-col-50 elementor-top-column elementor-element elementor-element-8c73948\" data-id=\"8c73948\" data-element_type=\"column\">\n\t\t\t<div class=\"elementor-widget-wrap elementor-element-populated\">\n\t\t\t\t\t\t<div class=\"elementor-element elementor-element-0716508 elementor-widget elementor-widget-heading\" data-id=\"0716508\" data-element_type=\"widget\" data-widget_type=\"heading.default\">\n\t\t\t\t<div class=\"elementor-widget-container\">\n\t\t\t\t\t<h3 class=\"elementor-heading-title elementor-size-default\">Zu reisen ist zu leben<\/h3>\t\t\t\t<\/div>\n\t\t\t\t<\/div>\n\t\t\t\t\t<\/div>\n\t\t<\/div>\n\t\t\t\t<div class=\"elementor-column elementor-col-50 elementor-top-column elementor-element elementor-element-6f3924e\" data-id=\"6f3924e\" data-element_type=\"column\">\n\t\t\t<div class=\"elementor-widget-wrap elementor-element-populated\">\n\t\t\t\t\t\t<div class=\"elementor-element elementor-element-21e2811 elementor-align-right elementor-mobile-align-center elementor-widget elementor-widget-button\" data-id=\"21e2811\" data-element_type=\"widget\" data-widget_type=\"button.default\">\n\t\t\t\t<div class=\"elementor-widget-container\">\n\t\t\t\t\t\t\t\t\t<div class=\"elementor-button-wrapper\">\n\t\t\t\t\t<a class=\"elementor-button elementor-button-link elementor-size-lg\" href=\"https:\/\/www.haus-alpin.at\/suchen-buchen\/\">\n\t\t\t\t\t\t<span class=\"elementor-button-content-wrapper\">\n\t\t\t\t\t\t<span class=\"elementor-button-icon\">\n\t\t\t\t<i aria-hidden=\"true\" class=\"fas fa-angle-double-right\"><\/i>\t\t\t<\/span>\n\t\t\t\t\t\t\t\t\t<span class=\"elementor-button-text\">Suchen &amp; Buchen<\/span>\n\t\t\t\t\t<\/span>\n\t\t\t\t\t<\/a>\n\t\t\t\t<\/div>\n\t\t\t\t\t\t\t\t<\/div>\n\t\t\t\t<\/div>\n\t\t\t\t\t<\/div>\n\t\t<\/div>\n\t\t\t\t\t<\/div>\n\t\t<\/section>\n\t\t\t\t<section class=\"elementor-section elementor-top-section elementor-element elementor-element-dc0c0b5 elementor-section-boxed elementor-section-height-default elementor-section-height-default\" data-id=\"dc0c0b5\" data-element_type=\"section\">\n\t\t\t\t\t\t<div class=\"elementor-container elementor-column-gap-default\">\n\t\t\t\t\t<div class=\"elementor-column elementor-col-100 elementor-top-column elementor-element elementor-element-49901d6\" data-id=\"49901d6\" data-element_type=\"column\">\n\t\t\t<div class=\"elementor-widget-wrap elementor-element-populated\">\n\t\t\t\t\t\t<section class=\"elementor-section elementor-inner-section elementor-element elementor-element-4504b84 elementor-section-boxed elementor-section-height-default elementor-section-height-default\" data-id=\"4504b84\" data-element_type=\"section\">\n\t\t\t\t\t\t<div class=\"elementor-container elementor-column-gap-default\">\n\t\t\t\t\t<div class=\"elementor-column elementor-col-33 elementor-inner-column elementor-element elementor-element-5b17a07\" data-id=\"5b17a07\" data-element_type=\"column\">\n\t\t\t<div class=\"elementor-widget-wrap elementor-element-populated\">\n\t\t\t\t\t\t<div class=\"elementor-element elementor-element-62d0d42 elementor-widget elementor-widget-image\" data-id=\"62d0d42\" data-element_type=\"widget\" data-widget_type=\"image.default\">\n\t\t\t\t<div class=\"elementor-widget-container\">\n\t\t\t\t\t\t\t\t\t\t\t\t<figure class=\"wp-caption\">\n\t\t\t\t\t\t\t\t\t\t<img loading=\"lazy\" decoding=\"async\" width=\"600\" height=\"900\" src=\"https:\/\/www.haus-alpin.at\/wp-content\/uploads\/2025\/07\/Haus_Alpin_Physiotherapie.jpg\" class=\"attachment-large size-large wp-image-6301\" alt=\"\" srcset=\"https:\/\/www.haus-alpin.at\/wp-content\/uploads\/2025\/07\/Haus_Alpin_Physiotherapie.jpg 600w, https:\/\/www.haus-alpin.at\/wp-content\/uploads\/2025\/07\/Haus_Alpin_Physiotherapie-200x300.jpg 200w\" sizes=\"(max-width: 600px) 100vw, 600px\" \/>\t\t\t\t\t\t\t\t\t\t\t<figcaption class=\"widget-image-caption wp-caption-text\">Physiotherapie<\/figcaption>\n\t\t\t\t\t\t\t\t\t\t<\/figure>\n\t\t\t\t\t\t\t\t\t<\/div>\n\t\t\t\t<\/div>\n\t\t\t\t\t<\/div>\n\t\t<\/div>\n\t\t\t\t<div class=\"elementor-column elementor-col-33 elementor-inner-column elementor-element elementor-element-cd8f21a\" data-id=\"cd8f21a\" data-element_type=\"column\">\n\t\t\t<div class=\"elementor-widget-wrap elementor-element-populated\">\n\t\t\t\t\t\t<div class=\"elementor-element elementor-element-28d1c8f elementor-widget elementor-widget-image\" data-id=\"28d1c8f\" data-element_type=\"widget\" data-widget_type=\"image.default\">\n\t\t\t\t<div class=\"elementor-widget-container\">\n\t\t\t\t\t\t\t\t\t\t\t\t<figure class=\"wp-caption\">\n\t\t\t\t\t\t\t\t\t\t<img loading=\"lazy\" decoding=\"async\" width=\"600\" height=\"900\" src=\"https:\/\/www.haus-alpin.at\/wp-content\/uploads\/2025\/07\/Haus_Alpin_Radlstadl_1.jpg\" class=\"attachment-large size-large wp-image-6299\" alt=\"\" srcset=\"https:\/\/www.haus-alpin.at\/wp-content\/uploads\/2025\/07\/Haus_Alpin_Radlstadl_1.jpg 600w, https:\/\/www.haus-alpin.at\/wp-content\/uploads\/2025\/07\/Haus_Alpin_Radlstadl_1-200x300.jpg 200w\" sizes=\"(max-width: 600px) 100vw, 600px\" \/>\t\t\t\t\t\t\t\t\t\t\t<figcaption class=\"widget-image-caption wp-caption-text\">Radstellplatz<\/figcaption>\n\t\t\t\t\t\t\t\t\t\t<\/figure>\n\t\t\t\t\t\t\t\t\t<\/div>\n\t\t\t\t<\/div>\n\t\t\t\t\t<\/div>\n\t\t<\/div>\n\t\t\t\t<div class=\"elementor-column elementor-col-33 elementor-inner-column elementor-element elementor-element-4f8e986\" data-id=\"4f8e986\" data-element_type=\"column\">\n\t\t\t<div class=\"elementor-widget-wrap elementor-element-populated\">\n\t\t\t\t\t\t<div class=\"elementor-element elementor-element-f1be102 elementor-widget elementor-widget-image\" data-id=\"f1be102\" data-element_type=\"widget\" data-widget_type=\"image.default\">\n\t\t\t\t<div class=\"elementor-widget-container\">\n\t\t\t\t\t\t\t\t\t\t\t\t<figure class=\"wp-caption\">\n\t\t\t\t\t\t\t\t\t\t<img loading=\"lazy\" decoding=\"async\" width=\"600\" height=\"900\" src=\"https:\/\/www.haus-alpin.at\/wp-content\/uploads\/2025\/07\/Haus_Alpin_Fitnessraum.jpg\" class=\"attachment-large size-large wp-image-6303\" alt=\"\" srcset=\"https:\/\/www.haus-alpin.at\/wp-content\/uploads\/2025\/07\/Haus_Alpin_Fitnessraum.jpg 600w, https:\/\/www.haus-alpin.at\/wp-content\/uploads\/2025\/07\/Haus_Alpin_Fitnessraum-200x300.jpg 200w\" sizes=\"(max-width: 600px) 100vw, 600px\" \/>\t\t\t\t\t\t\t\t\t\t\t<figcaption class=\"widget-image-caption wp-caption-text\">Fitnessraum<\/figcaption>\n\t\t\t\t\t\t\t\t\t\t<\/figure>\n\t\t\t\t\t\t\t\t\t<\/div>\n\t\t\t\t<\/div>\n\t\t\t\t\t<\/div>\n\t\t<\/div>\n\t\t\t\t\t<\/div>\n\t\t<\/section>\n\t\t\t\t\t<\/div>\n\t\t<\/div>\n\t\t\t\t\t<\/div>\n\t\t<\/section>\n\t\t\t\t<section class=\"elementor-section elementor-top-section elementor-element elementor-element-7623e04 elementor-section-stretched elementor-section-full_width elementor-section-height-default elementor-section-height-default\" data-id=\"7623e04\" data-element_type=\"section\" data-settings=\"{&quot;stretch_section&quot;:&quot;section-stretched&quot;,&quot;background_background&quot;:&quot;classic&quot;}\">\n\t\t\t\t\t\t<div class=\"elementor-container elementor-column-gap-default\">\n\t\t\t\t\t<div class=\"elementor-column elementor-col-100 elementor-top-column elementor-element elementor-element-7a5f2d2\" data-id=\"7a5f2d2\" data-element_type=\"column\">\n\t\t\t<div class=\"elementor-widget-wrap elementor-element-populated\">\n\t\t\t\t\t\t<div class=\"elementor-element elementor-element-c876467 elementor-widget elementor-widget-heading\" data-id=\"c876467\" data-element_type=\"widget\" data-widget_type=\"heading.default\">\n\t\t\t\t<div class=\"elementor-widget-container\">\n\t\t\t\t\t<h1 class=\"elementor-heading-title elementor-size-default\">Gut zu Wissen<\/h1>\t\t\t\t<\/div>\n\t\t\t\t<\/div>\n\t\t\t\t\t<\/div>\n\t\t<\/div>\n\t\t\t\t\t<\/div>\n\t\t<\/section>\n\t\t\t\t<section class=\"elementor-section elementor-top-section elementor-element elementor-element-97f9161 elementor-section-stretched elementor-section-boxed elementor-section-height-default elementor-section-height-default\" data-id=\"97f9161\" data-element_type=\"section\" data-settings=\"{&quot;stretch_section&quot;:&quot;section-stretched&quot;,&quot;background_background&quot;:&quot;classic&quot;}\">\n\t\t\t\t\t\t<div class=\"elementor-container elementor-column-gap-default\">\n\t\t\t\t\t<div class=\"elementor-column elementor-col-50 elementor-top-column elementor-element elementor-element-0408182\" data-id=\"0408182\" data-element_type=\"column\">\n\t\t\t<div class=\"elementor-widget-wrap elementor-element-populated\">\n\t\t\t\t\t\t<div class=\"elementor-element elementor-element-0a34837 elementor-widget elementor-widget-text-editor\" data-id=\"0a34837\" data-element_type=\"widget\" data-widget_type=\"text-editor.default\">\n\t\t\t\t<div class=\"elementor-widget-container\">\n\t\t\t\t\t\t\t\t\t<p><strong><em>CHECK &#8211; IN:<br \/><\/em><\/strong><strong>13:00 &#8211; 18:00 Uhr<br \/><\/strong>Auf Anfrage eventuell fr\u00fcher m\u00f6glich!<br \/>Die Appartements werden zwischen 10 und 13 Uhr gereinigt, ein fr\u00fcheres Check-In ist nur auf Anfrage m\u00f6glich. Reisen Sie vor den Check-In Zeiten an oder nach den Check-Out Zeiten ab k\u00f6nnen Sie das Gep\u00e4ck abstellen.<\/p>\t\t\t\t\t\t\t\t<\/div>\n\t\t\t\t<\/div>\n\t\t\t\t\t<\/div>\n\t\t<\/div>\n\t\t\t\t<div class=\"elementor-column elementor-col-50 elementor-top-column elementor-element elementor-element-eb65f71\" data-id=\"eb65f71\" data-element_type=\"column\">\n\t\t\t<div class=\"elementor-widget-wrap elementor-element-populated\">\n\t\t\t\t\t\t<div class=\"elementor-element elementor-element-320e7c7 elementor-widget elementor-widget-text-editor\" data-id=\"320e7c7\" data-element_type=\"widget\" data-widget_type=\"text-editor.default\">\n\t\t\t\t<div class=\"elementor-widget-container\">\n\t\t\t\t\t\t\t\t\t<p><strong><em>CHECK &#8211; OUT:<br \/>09:30<br \/><\/em><\/strong>F\u00fcr einen stressfreien Abreisetag ohne lange Wartezeiten k\u00f6nnen wir die Abrechnung bereits am Vorabend der Abreise vornehmen. Am Abreisetag steht Ihnen die Ferienwohnung bis <strong>09:30 Uhr<\/strong> zur Verf\u00fcgung. Herzlichen Dank!<\/p>\t\t\t\t\t\t\t\t<\/div>\n\t\t\t\t<\/div>\n\t\t\t\t\t<\/div>\n\t\t<\/div>\n\t\t\t\t\t<\/div>\n\t\t<\/section>\n\t\t\t\t<section class=\"elementor-section elementor-top-section elementor-element elementor-element-d4f59e0 elementor-section-stretched elementor-section-boxed elementor-section-height-default elementor-section-height-default\" data-id=\"d4f59e0\" data-element_type=\"section\" data-settings=\"{&quot;stretch_section&quot;:&quot;section-stretched&quot;,&quot;background_background&quot;:&quot;classic&quot;}\">\n\t\t\t\t\t\t<div class=\"elementor-container elementor-column-gap-default\">\n\t\t\t\t\t<div class=\"elementor-column elementor-col-50 elementor-top-column elementor-element elementor-element-0a4f59f\" data-id=\"0a4f59f\" data-element_type=\"column\">\n\t\t\t<div class=\"elementor-widget-wrap elementor-element-populated\">\n\t\t\t\t\t\t<div class=\"elementor-element elementor-element-e796f2a elementor-widget elementor-widget-text-editor\" data-id=\"e796f2a\" data-element_type=\"widget\" data-widget_type=\"text-editor.default\">\n\t\t\t\t<div class=\"elementor-widget-container\">\n\t\t\t\t\t\t\t\t\t<p><strong><em>REZEPTION:<br \/><\/em><\/strong>Unsere Rezeption ist <strong>von 09:00 bis 10:00 offen<\/strong>. Sollte diese nicht besetzt sein, k\u00f6nnen Sie \u00a0telefonisch Kontakt aufnehmen<br \/>+43 664 4240885<\/p>\t\t\t\t\t\t\t\t<\/div>\n\t\t\t\t<\/div>\n\t\t\t\t\t<\/div>\n\t\t<\/div>\n\t\t\t\t<div class=\"elementor-column elementor-col-50 elementor-top-column elementor-element elementor-element-d6ac5ac\" data-id=\"d6ac5ac\" data-element_type=\"column\">\n\t\t\t<div class=\"elementor-widget-wrap elementor-element-populated\">\n\t\t\t\t\t\t<div class=\"elementor-element elementor-element-5a5c481 elementor-widget elementor-widget-text-editor\" data-id=\"5a5c481\" data-element_type=\"widget\" data-widget_type=\"text-editor.default\">\n\t\t\t\t<div class=\"elementor-widget-container\">\n\t\t\t\t\t\t\t\t\t<strong><em>KOSTENLOSER SKISHUTTLE:<\/em>\n<\/strong>Direkt 10 m vor unserem Haus befindet sich die Bushaltestelle f\u00fcr den Kostenloser Skishuttle. \u00a0Die Zeiten finden Sie entweder direkt an der Haltestelle oder unter <a href=\"https:\/\/www.wilderkaiser.info\/de\/ellmau\/info\/skibus-ellmau.html\" target=\"_blank\" rel=\"noopener\">https:\/\/www.wilderkaiser.info\/de\/ellmau\/info\/skibus-ellmau.html<\/a>\t\t\t\t\t\t\t\t<\/div>\n\t\t\t\t<\/div>\n\t\t\t\t\t<\/div>\n\t\t<\/div>\n\t\t\t\t\t<\/div>\n\t\t<\/section>\n\t\t\t\t<section class=\"elementor-section elementor-top-section elementor-element elementor-element-67d168c elementor-section-stretched elementor-section-boxed elementor-section-height-default elementor-section-height-default\" data-id=\"67d168c\" data-element_type=\"section\" data-settings=\"{&quot;stretch_section&quot;:&quot;section-stretched&quot;,&quot;background_background&quot;:&quot;classic&quot;}\">\n\t\t\t\t\t\t<div class=\"elementor-container elementor-column-gap-default\">\n\t\t\t\t\t<div class=\"elementor-column elementor-col-100 elementor-top-column elementor-element elementor-element-273e1fb\" data-id=\"273e1fb\" data-element_type=\"column\">\n\t\t\t<div class=\"elementor-widget-wrap elementor-element-populated\">\n\t\t\t\t\t\t<div class=\"elementor-element elementor-element-ce9a748 elementor-widget elementor-widget-text-editor\" data-id=\"ce9a748\" data-element_type=\"widget\" data-widget_type=\"text-editor.default\">\n\t\t\t\t<div class=\"elementor-widget-container\">\n\t\t\t\t\t\t\t\t\t<p><em><strong>WINTER:<\/strong><\/em><br \/>Preise sind inklusive MwSt. und<br \/>exklusive Endreinigung und der Kurtaxe: pro Person \/Tag<\/p><p>Skiraum und Schuhtrockner stehen zur Verf\u00fcgung. Die Skibushaltestelle befindet sich 10 Meter vom Eingang entfernt!<\/p><p>Br\u00f6tchenservice ist m\u00f6glich und wird morgens direkt vor Ihre T\u00fcr gebracht.<\/p><p><em><strong>SOMMER:<\/strong><\/em><br \/>Preise sind inklusive MwSt. und<br \/>exklusive Endreinigung und \u00a0der Kurtaxe: pro Person \/Tag<br \/>F\u00fcr Kurzaufenthalte von 2-4 N\u00e4chte werden 5.00\u20ac pro Tag zus\u00e4tzlich zum Appartementpreis verrechnet<\/p><p><strong>INKLUSIVLEISTUNGEN:<\/strong><br \/>WLAN, Parkplatz vor dem Haus, Heizung, Wasser, Strom, Bettw\u00e4sche, Tischw\u00e4sche, Handt\u00fccher, Kinderbett &amp; Hochstuhl (auf Anfrage)<\/p><p><strong>ANREISE:<\/strong><br \/>\u2013 13:00 -18:00 Uhr<\/p><p><strong>ABREISE:<\/strong><br \/>\u2013 bis 09:30 Uhr<br \/><strong><br \/><\/strong><strong>ZAHLUNGSMITTEL:<\/strong><br \/>Bar oder \u00dcberweisung<\/p><p>Und falls doch etwas dazwischen kommt, empfehlen wir Ihnen den Abschluss einer Hotel-Stornoversicherung.<\/p><p><strong>STORNOBEDINGUNGEN:<\/strong><br \/>Ein R\u00fccktrittsrecht von Fernabsatzvertr\u00e4gen kommt gem. \u00a718 Abs. 1 Z. 10 FAGG nicht zur Anwendung, daf\u00fcr gelten folgende STORNOBEDINGUNGEN:<br \/>Ein R\u00fccktrittsrecht von Fernabsatzvertr\u00e4gen kommt gem. \u00a718 Abs. 1 Z. 10 FAGG nicht zur Anwendung, daf\u00fcr gelten folgende Stornokonditionen:<br \/>Stornierungen sind bis 1 Monat vor Anreise kostenfrei,<br \/>1 Monate bis 14 Tage 50%,<br \/>14 Tage bis 1 Woche 70%,<br \/>in der letzten Woche 90% des Gesamtpreises.<\/p><p>Allgemeinen\u00a0Gesch\u00e4ftsbedingungen der \u00d6sterreichischen Hotellerie.Genaueres finden Sie auf der Homepage unter Kontakt oder unter<br \/><a href=\"http:\/\/www.hotelverband.at\/down\/AGBH_061115.pdf\" target=\"_blank\" rel=\"noopener\">http:\/\/www.hotelverband.at\/down\/AGBH_061115.pdf<\/a><\/p><p><span style=\"letter-spacing: 0px;\">Und falls doch etwas dazwischen kommt, empfehlen wir Ihnen den Abschluss einer Hotel-Stornoversicherung.<\/span><\/p><p><span style=\"letter-spacing: 0px;\"><strong>REISER\u00dcCKTRITTVERSICHERUNG:<\/strong><br \/>Nach erfolgreicher Buchung empfehlen wir den Abschluss einer Reiser\u00fccktrittsversicherung bei unserem Partner \u201cEurop\u00e4ische Reiseversicherung.<br \/>Weitere Informationen zur Reiser\u00fccktrittsversicherung finden Sie hier.<br \/><a href=\"https:\/\/www.europaeische.at\" target=\"_blank\" rel=\"noopener\">https:\/\/www.europaeische.at<\/a><\/span><\/p>\t\t\t\t\t\t\t\t<\/div>\n\t\t\t\t<\/div>\n\t\t\t\t\t<\/div>\n\t\t<\/div>\n\t\t\t\t\t<\/div>\n\t\t<\/section>\n\t\t\t\t<\/div>\n\t\t","protected":false},"excerpt":{"rendered":"<p>Typ 1 Appartement Sommer 2025 Typ 2 Appartement Sommer 2025 Typ 3 Appartement Sommer 2025 Typ 1 Appartement Winter 2025\/26 Typ 2 Appartement Winter 2025\/26 Typ 3 Appartement Winter 2025\/26 Typ 1 Appartement Sommer Typ 1 Appartement Winter Typ 2 Appartement Sommer Typ 2 Appartement Winter Typ 3 Appartement Sommer Typ 3 Appartement Winter Zu [&hellip;]<\/p>\n","protected":false},"author":1,"featured_media":0,"parent":0,"menu_order":0,"comment_status":"closed","ping_status":"closed","template":"","meta":{"_acf_changed":false,"footnotes":""},"class_list":["post-882","page","type-page","status-publish","hentry"],"acf":[],"yoast_head":"<!-- This site is optimized with the Yoast SEO plugin v26.8 - https:\/\/yoast.com\/product\/yoast-seo-wordpress\/ -->\n<title>Preise - HAUS ALPIN | Ellmau am Wilden Kaiser<\/title>\n<meta name=\"robots\" content=\"index, follow, max-snippet:-1, max-image-preview:large, max-video-preview:-1\" \/>\n<link rel=\"canonical\" href=\"https:\/\/www.haus-alpin.at\/de\/preise\/\" \/>\n<meta property=\"og:locale\" content=\"de_DE\" \/>\n<meta property=\"og:type\" content=\"article\" \/>\n<meta property=\"og:title\" content=\"Preise - HAUS ALPIN | Ellmau am Wilden Kaiser\" \/>\n<meta property=\"og:description\" content=\"Typ 1 Appartement Sommer 2025 Typ 2 Appartement Sommer 2025 Typ 3 Appartement Sommer 2025 Typ 1 Appartement Winter 2025\/26 Typ 2 Appartement Winter 2025\/26 Typ 3 Appartement Winter 2025\/26 Typ 1 Appartement Sommer Typ 1 Appartement Winter Typ 2 Appartement Sommer Typ 2 Appartement Winter Typ 3 Appartement Sommer Typ 3 Appartement Winter Zu [&hellip;]\" \/>\n<meta property=\"og:url\" content=\"https:\/\/www.haus-alpin.at\/de\/preise\/\" \/>\n<meta property=\"og:site_name\" content=\"HAUS ALPIN | Ellmau am Wilden Kaiser\" \/>\n<meta property=\"article:modified_time\" content=\"2025-07-30T08:43:16+00:00\" \/>\n<meta property=\"og:image\" content=\"https:\/\/www.haus-alpin.at\/wp-content\/uploads\/2025\/07\/Haus_Alpin_Physiotherapie.jpg\" \/>\n<meta name=\"twitter:card\" content=\"summary_large_image\" \/>\n<meta name=\"twitter:label1\" content=\"Gesch\u00e4tzte Lesezeit\" \/>\n\t<meta name=\"twitter:data1\" content=\"13\u00a0Minuten\" \/>\n<script type=\"application\/ld+json\" class=\"yoast-schema-graph\">{\"@context\":\"https:\/\/schema.org\",\"@graph\":[{\"@type\":\"WebPage\",\"@id\":\"https:\/\/www.haus-alpin.at\/de\/preise\/\",\"url\":\"https:\/\/www.haus-alpin.at\/de\/preise\/\",\"name\":\"Preise - HAUS ALPIN | Ellmau am Wilden Kaiser\",\"isPartOf\":{\"@id\":\"https:\/\/www.haus-alpin.at\/de\/#website\"},\"primaryImageOfPage\":{\"@id\":\"https:\/\/www.haus-alpin.at\/de\/preise\/#primaryimage\"},\"image\":{\"@id\":\"https:\/\/www.haus-alpin.at\/de\/preise\/#primaryimage\"},\"thumbnailUrl\":\"https:\/\/www.haus-alpin.at\/wp-content\/uploads\/2025\/07\/Haus_Alpin_Physiotherapie.jpg\",\"datePublished\":\"2020-05-19T12:19:30+00:00\",\"dateModified\":\"2025-07-30T08:43:16+00:00\",\"breadcrumb\":{\"@id\":\"https:\/\/www.haus-alpin.at\/de\/preise\/#breadcrumb\"},\"inLanguage\":\"de\",\"potentialAction\":[{\"@type\":\"ReadAction\",\"target\":[\"https:\/\/www.haus-alpin.at\/de\/preise\/\"]}]},{\"@type\":\"ImageObject\",\"inLanguage\":\"de\",\"@id\":\"https:\/\/www.haus-alpin.at\/de\/preise\/#primaryimage\",\"url\":\"https:\/\/www.haus-alpin.at\/wp-content\/uploads\/2025\/07\/Haus_Alpin_Physiotherapie.jpg\",\"contentUrl\":\"https:\/\/www.haus-alpin.at\/wp-content\/uploads\/2025\/07\/Haus_Alpin_Physiotherapie.jpg\"},{\"@type\":\"BreadcrumbList\",\"@id\":\"https:\/\/www.haus-alpin.at\/de\/preise\/#breadcrumb\",\"itemListElement\":[{\"@type\":\"ListItem\",\"position\":1,\"name\":\"Startseite\",\"item\":\"https:\/\/www.haus-alpin.at\/de\/\"},{\"@type\":\"ListItem\",\"position\":2,\"name\":\"Preise\"}]},{\"@type\":\"WebSite\",\"@id\":\"https:\/\/www.haus-alpin.at\/de\/#website\",\"url\":\"https:\/\/www.haus-alpin.at\/de\/\",\"name\":\"HAUS ALPIN | Ellmau am Wilden Kaiser\",\"description\":\"Appartement mit wohf\u00fchl Ambiente\",\"publisher\":{\"@id\":\"https:\/\/www.haus-alpin.at\/de\/#organization\"},\"potentialAction\":[{\"@type\":\"SearchAction\",\"target\":{\"@type\":\"EntryPoint\",\"urlTemplate\":\"https:\/\/www.haus-alpin.at\/de\/?s={search_term_string}\"},\"query-input\":{\"@type\":\"PropertyValueSpecification\",\"valueRequired\":true,\"valueName\":\"search_term_string\"}}],\"inLanguage\":\"de\"},{\"@type\":\"Organization\",\"@id\":\"https:\/\/www.haus-alpin.at\/de\/#organization\",\"name\":\"HAUS ALPIN | Ellmau am Wilden Kaiser\",\"url\":\"https:\/\/www.haus-alpin.at\/de\/\",\"logo\":{\"@type\":\"ImageObject\",\"inLanguage\":\"de\",\"@id\":\"https:\/\/www.haus-alpin.at\/de\/#\/schema\/logo\/image\/\",\"url\":\"https:\/\/www.haus-alpin.at\/wp-content\/uploads\/2020\/05\/ai163464885074Logo-Haus-Alpin.png\",\"contentUrl\":\"https:\/\/www.haus-alpin.at\/wp-content\/uploads\/2020\/05\/ai163464885074Logo-Haus-Alpin.png\",\"width\":500,\"height\":170,\"caption\":\"HAUS ALPIN | Ellmau am Wilden Kaiser\"},\"image\":{\"@id\":\"https:\/\/www.haus-alpin.at\/de\/#\/schema\/logo\/image\/\"}}]}<\/script>\n<!-- \/ Yoast SEO plugin. -->","yoast_head_json":{"title":"Preise - HAUS ALPIN | Ellmau am Wilden Kaiser","robots":{"index":"index","follow":"follow","max-snippet":"max-snippet:-1","max-image-preview":"max-image-preview:large","max-video-preview":"max-video-preview:-1"},"canonical":"https:\/\/www.haus-alpin.at\/de\/preise\/","og_locale":"de_DE","og_type":"article","og_title":"Preise - HAUS ALPIN | Ellmau am Wilden Kaiser","og_description":"Typ 1 Appartement Sommer 2025 Typ 2 Appartement Sommer 2025 Typ 3 Appartement Sommer 2025 Typ 1 Appartement Winter 2025\/26 Typ 2 Appartement Winter 2025\/26 Typ 3 Appartement Winter 2025\/26 Typ 1 Appartement Sommer Typ 1 Appartement Winter Typ 2 Appartement Sommer Typ 2 Appartement Winter Typ 3 Appartement Sommer Typ 3 Appartement Winter Zu [&hellip;]","og_url":"https:\/\/www.haus-alpin.at\/de\/preise\/","og_site_name":"HAUS ALPIN | Ellmau am Wilden Kaiser","article_modified_time":"2025-07-30T08:43:16+00:00","og_image":[{"url":"https:\/\/www.haus-alpin.at\/wp-content\/uploads\/2025\/07\/Haus_Alpin_Physiotherapie.jpg","type":"","width":"","height":""}],"twitter_card":"summary_large_image","twitter_misc":{"Gesch\u00e4tzte Lesezeit":"13\u00a0Minuten"},"schema":{"@context":"https:\/\/schema.org","@graph":[{"@type":"WebPage","@id":"https:\/\/www.haus-alpin.at\/de\/preise\/","url":"https:\/\/www.haus-alpin.at\/de\/preise\/","name":"Preise - HAUS ALPIN | Ellmau am Wilden Kaiser","isPartOf":{"@id":"https:\/\/www.haus-alpin.at\/de\/#website"},"primaryImageOfPage":{"@id":"https:\/\/www.haus-alpin.at\/de\/preise\/#primaryimage"},"image":{"@id":"https:\/\/www.haus-alpin.at\/de\/preise\/#primaryimage"},"thumbnailUrl":"https:\/\/www.haus-alpin.at\/wp-content\/uploads\/2025\/07\/Haus_Alpin_Physiotherapie.jpg","datePublished":"2020-05-19T12:19:30+00:00","dateModified":"2025-07-30T08:43:16+00:00","breadcrumb":{"@id":"https:\/\/www.haus-alpin.at\/de\/preise\/#breadcrumb"},"inLanguage":"de","potentialAction":[{"@type":"ReadAction","target":["https:\/\/www.haus-alpin.at\/de\/preise\/"]}]},{"@type":"ImageObject","inLanguage":"de","@id":"https:\/\/www.haus-alpin.at\/de\/preise\/#primaryimage","url":"https:\/\/www.haus-alpin.at\/wp-content\/uploads\/2025\/07\/Haus_Alpin_Physiotherapie.jpg","contentUrl":"https:\/\/www.haus-alpin.at\/wp-content\/uploads\/2025\/07\/Haus_Alpin_Physiotherapie.jpg"},{"@type":"BreadcrumbList","@id":"https:\/\/www.haus-alpin.at\/de\/preise\/#breadcrumb","itemListElement":[{"@type":"ListItem","position":1,"name":"Startseite","item":"https:\/\/www.haus-alpin.at\/de\/"},{"@type":"ListItem","position":2,"name":"Preise"}]},{"@type":"WebSite","@id":"https:\/\/www.haus-alpin.at\/de\/#website","url":"https:\/\/www.haus-alpin.at\/de\/","name":"HAUS ALPIN | Ellmau am Wilden Kaiser","description":"Appartement mit wohf\u00fchl Ambiente","publisher":{"@id":"https:\/\/www.haus-alpin.at\/de\/#organization"},"potentialAction":[{"@type":"SearchAction","target":{"@type":"EntryPoint","urlTemplate":"https:\/\/www.haus-alpin.at\/de\/?s={search_term_string}"},"query-input":{"@type":"PropertyValueSpecification","valueRequired":true,"valueName":"search_term_string"}}],"inLanguage":"de"},{"@type":"Organization","@id":"https:\/\/www.haus-alpin.at\/de\/#organization","name":"HAUS ALPIN | Ellmau am Wilden Kaiser","url":"https:\/\/www.haus-alpin.at\/de\/","logo":{"@type":"ImageObject","inLanguage":"de","@id":"https:\/\/www.haus-alpin.at\/de\/#\/schema\/logo\/image\/","url":"https:\/\/www.haus-alpin.at\/wp-content\/uploads\/2020\/05\/ai163464885074Logo-Haus-Alpin.png","contentUrl":"https:\/\/www.haus-alpin.at\/wp-content\/uploads\/2020\/05\/ai163464885074Logo-Haus-Alpin.png","width":500,"height":170,"caption":"HAUS ALPIN | Ellmau am Wilden Kaiser"},"image":{"@id":"https:\/\/www.haus-alpin.at\/de\/#\/schema\/logo\/image\/"}}]}},"_links":{"self":[{"href":"https:\/\/www.haus-alpin.at\/de\/wp-json\/wp\/v2\/pages\/882","targetHints":{"allow":["GET"]}}],"collection":[{"href":"https:\/\/www.haus-alpin.at\/de\/wp-json\/wp\/v2\/pages"}],"about":[{"href":"https:\/\/www.haus-alpin.at\/de\/wp-json\/wp\/v2\/types\/page"}],"author":[{"embeddable":true,"href":"https:\/\/www.haus-alpin.at\/de\/wp-json\/wp\/v2\/users\/1"}],"replies":[{"embeddable":true,"href":"https:\/\/www.haus-alpin.at\/de\/wp-json\/wp\/v2\/comments?post=882"}],"version-history":[{"count":18,"href":"https:\/\/www.haus-alpin.at\/de\/wp-json\/wp\/v2\/pages\/882\/revisions"}],"predecessor-version":[{"id":6416,"href":"https:\/\/www.haus-alpin.at\/de\/wp-json\/wp\/v2\/pages\/882\/revisions\/6416"}],"wp:attachment":[{"href":"https:\/\/www.haus-alpin.at\/de\/wp-json\/wp\/v2\/media?parent=882"}],"curies":[{"name":"wp","href":"https:\/\/api.w.org\/{rel}","templated":true}]}}